{"id":19,"date":"2026-07-02T14:14:59","date_gmt":"2026-07-02T12:14:59","guid":{"rendered":"https:\/\/zukunftsforum.dgrv.coop\/de\/?page_id=19"},"modified":"2026-07-02T14:14:59","modified_gmt":"2026-07-02T12:14:59","slug":"datenschutzhinweise","status":"publish","type":"page","link":"https:\/\/zukunftsforum.dgrv.coop\/de\/datenschutzhinweise\/","title":{"rendered":"Datenschutzhinweise"},"content":{"rendered":"\n<p class=\"wp-block-paragraph\"><strong>Datenschutzhinweise<\/strong><\/p>\n\n\n\n<p class=\"wp-block-paragraph\"><em>&nbsp;<\/em><em>Unser Umgang mit Ihren Daten und Ihre Rechte<br><\/em>\u2013<em>&nbsp;Informationen nach Artikeln 13, 14 und 21 der Datenschutz-Grundverordnung (DS-GVO)&nbsp;<\/em>\u2013<\/p>\n\n\n\n<ol class=\"wp-block-list\">\n<li><strong>Wer ist f\u00fcr die Datenverarbeitung verantwortlich und an wen kann ich mich wenden?<\/strong><\/li>\n<\/ol>\n\n\n\n<p class=\"wp-block-paragraph\"><strong>&nbsp;<\/strong>Verantwortliche Stelle ist der<\/p>\n\n\n\n<p class=\"wp-block-paragraph\">DGRV \u2013 Deutscher Genossenschafts- und Raiffeisenverband e.V.<\/p>\n\n\n\n<p class=\"wp-block-paragraph\">Linkstr. 12, 10785 Berlin<br>Telefon: +49 30 72 6220 900<br>Fax: +49 30 72 6220 989<\/p>\n\n\n\n<p class=\"wp-block-paragraph\">E-Mail:&nbsp;<a href=\"mailto:info@dgrv.de\">info@dgrv.de<\/a><\/p>\n\n\n\n<p class=\"wp-block-paragraph\">(nachfolgend auch \u201eDGRV\u201c genannt\u201c).<\/p>\n\n\n\n<p class=\"wp-block-paragraph\">Sie erreichen unseren Datenschutzbeauftragten unter folgenden Kontaktdaten:<\/p>\n\n\n\n<p class=\"wp-block-paragraph\">DGRV \u2013 Deutscher Genossenschafts- und Raiffeisenverband e.V.<\/p>\n\n\n\n<p class=\"wp-block-paragraph\">Datenschutzbeauftragter<\/p>\n\n\n\n<p class=\"wp-block-paragraph\">Adenauerallee 121, 53113 Bonn<br>Telefon: +49 228 8861 214<br>Fax: +49 228 8861 213<\/p>\n\n\n\n<p class=\"wp-block-paragraph\">E-Mail:&nbsp;<a href=\"mailto:dsb@dgrv.de\">dsb@dgrv.de<\/a><\/p>\n\n\n\n<ol start=\"2\" class=\"wp-block-list\">\n<li><strong>Welche Quellen und Daten nutzen wir?<\/strong><\/li>\n<\/ol>\n\n\n\n<p class=\"wp-block-paragraph\">Wir verarbeiten \u00fcber diese Internetseite nur personenbezogene Daten, die wir von Ihnen (z.B. im Rahmen einer Anmeldung) bzw. dem Endger\u00e4t (z.B. Protokolldaten), mit welchem Sie diese Internetseite aufrufen, \u00fcbermittelt bekommen.<\/p>\n\n\n\n<p class=\"wp-block-paragraph\">Soweit Sie uns die Daten zur Verf\u00fcgung stellen, handelt es sich um folgende Daten:<\/p>\n\n\n\n<ul class=\"wp-block-list\">\n<li>Pers\u00f6nliche Angaben (Vorname, Nachname, E-Mailadresse, Telefonnummer, Anrede, Titel, Firma, Stra\u00dfe, PLZ, Ort, Land).<\/li>\n\n\n\n<li>Protokolldaten (IP-Adresse, aufgerufene Seite, Zeitpunkt des Aufrufs).<\/li>\n<\/ul>\n\n\n\n<ol start=\"3\" class=\"wp-block-list\">\n<li><strong>Wof\u00fcr verarbeiten wir Ihre Daten (Zweck der Verarbeitung) und auf welcher Rechtsgrundlage?<\/strong><\/li>\n<\/ol>\n\n\n\n<p class=\"wp-block-paragraph\">Wir verarbeiten personenbezogene Daten im Einklang mit den Bestimmungen der DS-GVO und dem Bundesdatenschutzgesetz (BDSG).<\/p>\n\n\n\n<p class=\"wp-block-paragraph\">Die Verarbeitung der pers\u00f6nlichen Angaben erfolgt ausschlie\u00dflich aufgrund einer von Ihnen durchgef\u00fchrten Anmeldung zu einer Veranstaltung \u00fcber diese Internetseite und damit mit Ihrem datenschutzrechtlichen Einverst\u00e4ndnis gem. Art. 6 Abs. 1 lit. a) DSGVO. Sie erhalten eine Anmeldebest\u00e4tigung und veranstaltungsbezogene Hinweise an Ihre E-Mailadresse. Ihre personenbezogenen Daten werden dar\u00fcber hinaus f\u00fcr die Erstellung von Namensschildern und ggf. f\u00fcr die Erstellung von Teilnehmer\/G\u00e4stelisten verwendet. Die Teilnehmer\/G\u00e4steliste (Titel, Vorname, Name, Firma\/Institution) wird in elektronischer Form als PDF vorab an die Teilnehmer versendet. Ihre personenbezogenen Daten werden ferner f\u00fcr die \u00dcbersendung weiterer Informationen und Angebote (z.B. Veranstaltungshinweise) zum Thema Genossenschaften per Mail durch den DGRV zum Zwecke der Werbung verwendet. Wenn Sie nicht m\u00f6chten, dass Ihre Daten (oder bestimmte Daten) auf der Teilnehmer-\/G\u00e4steliste ver\u00f6ffentlicht oder zur \u00dcbersendung von weiteren Informationen und Angeboten per Mail durch den DGRV verwendet werden, k\u00f6nnen Sie Ihr diesbez\u00fcgliches Anliegen an zukunftsforum@mail.dgrv.coop richten.<\/p>\n\n\n\n<p class=\"wp-block-paragraph\">Die Verarbeitung der Protokolldaten erfolgt ausschlie\u00dflich zu dem Zweck, den Webseitenbetrieb zu erm\u00f6glichen. Rechtsgrundlage f\u00fcr diese Verarbeitung ist Art. 6 Abs. 1 lit. f) DSGVO<\/p>\n\n\n\n<p class=\"wp-block-paragraph\">Eine datenschutzrechtlich erteilte Einwilligung kann jederzeit mit Wirkung f\u00fcr die Zukunft von Ihnen widerrufen werden. Die Rechtm\u00e4\u00dfigkeit der Verarbeitung bis zu Ihrem Widerruf der Einwilligung wird durch den Widerruf nicht ber\u00fchrt.<\/p>\n\n\n\n<ol start=\"4\" class=\"wp-block-list\">\n<li><strong>Wer bekommt meine Daten?<\/strong><\/li>\n<\/ol>\n\n\n\n<p class=\"wp-block-paragraph\">Innerhalb des DGRV erhalten diejenigen Stellen Zugriff auf Ihre Daten, die diese erforderlicherweise zur Erledigung der o.g. Zwecke ben\u00f6tigen. Ggf. werden IT-Dienstleister (z.B. Webhoster) im Rahmen einer Auftragsverarbeitung gem. Art. 28 DSGVO eingesetzt. In diesem Verh\u00e4ltnis k\u00f6nnen die &nbsp;eingesetzten Dienstleister Kenntnis von Ihren Daten nehmen. Diese sind aber \u00fcber die gesetzlichen und vertraglichen Regelungen zur Verschwiegenheit verpflichtet.<\/p>\n\n\n\n<p class=\"wp-block-paragraph\">Ihre personenbezogenen Daten werden dar\u00fcber hinaus f\u00fcr die Erstellung von Namensschildern und ggf. f\u00fcr die Erstellung von Teilnehmer\/G\u00e4stelisten verwendet. Die Teilnehmer\/G\u00e4steliste (Titel, Vorname, Name, Firma\/Institution) wird in elektronischer Form als PDF vorab an die Teilnehmer versendet. Wenn Sie nicht m\u00f6chten, dass Ihre Daten (oder bestimmte Daten) auf der Teilnehmer-\/G\u00e4steliste ver\u00f6ffentlicht werden, k\u00f6nnen Sie Ihr diesbez\u00fcgliches Anliegen an zukunftsforum@mail.dgrv.coop richten.<\/p>\n\n\n\n<p class=\"wp-block-paragraph\">Dar\u00fcber hinaus erfolgt keine Weitergabe Ihrer Daten an Dritte.<\/p>\n\n\n\n<ol start=\"5\" class=\"wp-block-list\">\n<li><strong>Wie lange werden meine Daten gespeichert?<\/strong><\/li>\n<\/ol>\n\n\n\n<p class=\"wp-block-paragraph\">Soweit erforderlich, verarbeiten und speichern wir Ihre pers\u00f6nlichen Angaben&nbsp; im Rahmen der jeweiligen Veranstaltung. Die Teilnehmerlisten\/G\u00e4stelisten werden f\u00fcr statistische Zwecke 10 Jahre aufbewahrt.<\/p>\n\n\n\n<p class=\"wp-block-paragraph\">Nach Ablauf dieser Frist werden die Teilnehmer\/G\u00e4stelisten nur noch anonymisiert aufbewahrt.<\/p>\n\n\n\n<p class=\"wp-block-paragraph\">Die Protokolldaten werden nach maximal 7 Tagen gel\u00f6scht.<\/p>\n\n\n\n<ol start=\"6\" class=\"wp-block-list\">\n<li><strong>Werden Daten in ein Drittland oder an eine internationale Organisation<\/strong><\/li>\n<\/ol>\n\n\n\n<p class=\"wp-block-paragraph\"><strong>&nbsp;&nbsp;&nbsp;&nbsp;&nbsp;&nbsp;&nbsp; \u00fcbermittelt?<\/strong><\/p>\n\n\n\n<p class=\"wp-block-paragraph\">Eine Daten\u00fcbermittlung in ein Drittland (Staaten au\u00dferhalb des Europ\u00e4ischen Wirtschaftsraums \u2013 EWR) oder an eine internationale Organisation erfolgt nicht.<\/p>\n\n\n\n<ol start=\"7\" class=\"wp-block-list\">\n<li><strong>Welche Datenschutzrechte habe ich?<\/strong><\/li>\n<\/ol>\n\n\n\n<p class=\"wp-block-paragraph\">Jede betroffene Person hat das Recht auf&nbsp;<strong>Auskunft<\/strong>&nbsp;nach Art. 15 DS-GVO, das Recht auf&nbsp;<strong>Berichtigung<\/strong>&nbsp;nach Art. 16 DS-GVO, das Recht auf&nbsp;<strong>L\u00f6schung<\/strong>&nbsp;nach Art. 17 DS-GVO, das Recht auf&nbsp;<strong>Einschr\u00e4nkung der Verarbeitung<\/strong>&nbsp;nach Art. 18 DS-GVO sowie das Recht auf&nbsp;<strong>Daten\u00fcbertragbarkeit&nbsp;<\/strong>aus Art. 20 DS-GVO. Beim Auskunftsrecht und beim L\u00f6schungsrecht gelten die Einschr\u00e4nkungen nach \u00a7\u00a7 34 und 35 BDSG. Dar\u00fcber hinaus besteht ein&nbsp;<strong>Beschwerderecht<\/strong>&nbsp;bei der Datenschutzaufsichtsbeh\u00f6rde (Art. 77 DS-GVO i.V.m. \u00a7 19 BDSG).<\/p>\n\n\n\n<ol start=\"8\" class=\"wp-block-list\">\n<li><strong>Besteht f\u00fcr mich eine Pflicht zur Bereitstellung von Daten?<\/strong><\/li>\n<\/ol>\n\n\n\n<p class=\"wp-block-paragraph\">Im Rahmen der Anmeldung sind Sie verpflichtet die mit einem \u201e*\u201c markierten Felder auszuf\u00fcllen. Die nicht mit einem \u201e*\u201c markierten Felder sind optional und damit freiwillig. Ohne Angabe der Pflichtfelder kann keine Anmeldung zu einer Veranstaltung erfolgen.<\/p>\n\n\n\n<ol start=\"9\" class=\"wp-block-list\">\n<li><strong>Inwieweit gibt es eine automatisierte Entscheidungsfindung im Einzelfall?<\/strong><\/li>\n<\/ol>\n\n\n\n<p class=\"wp-block-paragraph\">Der DGRV nutzt grunds\u00e4tzlich keine vollautomatisierte Entscheidungsfindung gem\u00e4\u00df Artikel 22 DS-GVO.<\/p>\n\n\n\n<ol start=\"10\" class=\"wp-block-list\">\n<li><strong>Inwieweit werden meine Daten f\u00fcr die Profilbildung (Scoring) genutzt?<\/strong><\/li>\n<\/ol>\n\n\n\n<p class=\"wp-block-paragraph\">Ihre Daten werden auch nicht auch nicht f\u00fcr eine Profilbildung genutzt.<\/p>\n\n\n\n<ol start=\"11\" class=\"wp-block-list\">\n<li><strong>Cookies und Analysetools<\/strong><\/li>\n<\/ol>\n\n\n\n<p class=\"wp-block-paragraph\">Auf der Internetseite event.dgrv.de werden keine Cookies oder sonstigen Analysetools eingesetzt.<\/p>\n\n\n\n<ol start=\"11\" class=\"wp-block-list\">\n<li><strong>Hinweis zur Foto-\/Filmdokumentation bei Veranstaltungen<\/strong><\/li>\n<\/ol>\n\n\n\n<p class=\"wp-block-paragraph\">Unsere Veranstaltungen werden regelm\u00e4\u00dfig durch professionelle Fotographen und ggf. Videofilmer in unserem Auftrag begleitet. Das bedeutet, dass w\u00e4hrend der Veranstaltungen Bild- und ggf. Videoaufnahmen gefertigt werden, auf denen Sie ggf. abgelichtet werden. Wir verarbeiten die gefertigten Aufnahmen im Rahmen unserer \u00d6ffentlichkeitsarbeit. Damit verbunden kann z.B. die Ver\u00f6ffentlichung von Aufnahmen auf unseren Internetseiten (www.dgrv.de, www.genossenschaften.de) oder in einem unserer E-Mail-Newsletter sein.<\/p>\n\n\n\n<p class=\"wp-block-paragraph\">Rechtsgrundlage f\u00fcr die Verarbeitung Ihrer personenbezogenen Daten in diesem Fall ist Art. 6 Abs. 1 lit. a) (z.B. wenn Sie sich extra zu einem Gruppenbild zusammenstellen) bzw. in allen anderen F\u00e4llen lit. f) DSGVO.<\/p>\n\n\n\n<p class=\"wp-block-paragraph\">Ausgeschlossen ist in jedem Fall eine Ver\u00f6ffentlichung von Aufnahmen, bei denen die abgelichteten Personen offensichtlich \u201eunvorteilhaft\u201c abgelichtet wurden oder andere \u00fcberwiegende Interessen einer abgelichteten Person der Ver\u00f6ffentlichung entgegenstehen.<\/p>\n\n\n\n<p class=\"wp-block-paragraph\">Wenn Sie nicht aufgenommen werden m\u00f6chten, k\u00f6nnen Sie gerne den Fotographen hierzu ansprechen. Sie werden dann auf keinen Aufnahmen besonders herausgestellt aufgenommen. Das Sie gleichwohl ggf. auf sog. \u00dcberblicksaufnahmen erkennbar sein k\u00f6nnen, l\u00e4sst sich bei einem Besuch unserer Veranstaltungen allerdings nicht sicher ausschlie\u00dfen.<\/p>\n\n\n\n<p class=\"wp-block-paragraph\"><strong>Information \u00fcber Ihr Widerspruchsrecht<\/strong><\/p>\n\n\n\n<p class=\"wp-block-paragraph\"><strong>nach Art. 21 Datenschutz-Grundverordnung (DS-GVO)<\/strong><\/p>\n\n\n\n<ol class=\"wp-block-list\">\n<li><strong>\u00a0<\/strong><strong>\u00a0<\/strong>Sie haben das Recht, aus Gr\u00fcnden, die sich aus Ihrer besonderen Situation ergeben, jederzeit gegen die Verarbeitung Sie betreffender personenbezogener Daten, die aufgrund von Artikel 6 Abs. 1 Buchst. e DS-GVO (Datenverarbeitung im \u00f6ffentlichen Interesse) und Artikel 6 Abs. 1 Buchst. f) der Datenschutz-Grundverordnung (Datenverarbeitung auf der Grundlage einer Interessenabw\u00e4gung) erfolgt, Widerspruch einzulegen; dies gilt auch f\u00fcr ein auf diese Bestimmung gest\u00fctztes Profiling im Sinne von Artikel 4 Nr. 4 DS-GVO.<br>Legen Sie Widerspruch ein, werden wir Ihre personenbezogenen Daten diesbez\u00fcglich nicht mehr verarbeiten, es sei denn, wir k\u00f6nnen zwingende schutzw\u00fcrdige Gr\u00fcnde f\u00fcr die Verarbeitung nachweisen, die Ihre Interessen, Rechte und Freiheiten \u00fcberwiegen, oder die Verarbeitung dient der Geltendmachung, Aus\u00fcbung oder Verteidigung von Rechtsanspr\u00fcchen.<\/li>\n\n\n\n<li>Sie haben das Recht, jederzeit Widerspruch gegen die Verarbeitung Sie betreffender personenbezogener Daten zum Zwecke von Direktwerbung einzulegen; dies gilt auch f\u00fcr das Profiling, soweit es mit solcher Direktwerbung in Verbindung steht.<br>Widersprechen Sie der Verarbeitung f\u00fcr Zwecke der Direktwerbung, so werden wir Ihre personenbezogenen Daten nicht (mehr) f\u00fcr diese Zwecke verarbeiten.<br>Der Widerspruch kann per Brief, Fax oder E-Mail an die o.g. Kontaktdaten erfolgen.<\/li>\n<\/ol>\n","protected":false},"excerpt":{"rendered":"<p>Datenschutzhinweise &nbsp;Unser Umgang mit Ihren Daten und Ihre Rechte\u2013&nbsp;Informationen nach Artikeln 13, 14 und 21 der Datenschutz-Grundverordnung (DS-GVO)&nbsp;\u2013 &nbsp;Verantwortliche Stelle ist der DGRV \u2013 Deutscher Genossenschafts- und Raiffeisenverband e.V. Linkstr. &hellip; <\/p>\n","protected":false},"author":1,"featured_media":0,"parent":0,"menu_order":0,"comment_status":"closed","ping_status":"closed","template":"","meta":{"footnotes":""},"class_list":["post-19","page","type-page","status-publish","hentry"],"_links":{"self":[{"href":"https:\/\/zukunftsforum.dgrv.coop\/de\/wp-json\/wp\/v2\/pages\/19","targetHints":{"allow":["GET"]}}],"collection":[{"href":"https:\/\/zukunftsforum.dgrv.coop\/de\/wp-json\/wp\/v2\/pages"}],"about":[{"href":"https:\/\/zukunftsforum.dgrv.coop\/de\/wp-json\/wp\/v2\/types\/page"}],"author":[{"embeddable":true,"href":"https:\/\/zukunftsforum.dgrv.coop\/de\/wp-json\/wp\/v2\/users\/1"}],"replies":[{"embeddable":true,"href":"https:\/\/zukunftsforum.dgrv.coop\/de\/wp-json\/wp\/v2\/comments?post=19"}],"version-history":[{"count":1,"href":"https:\/\/zukunftsforum.dgrv.coop\/de\/wp-json\/wp\/v2\/pages\/19\/revisions"}],"predecessor-version":[{"id":20,"href":"https:\/\/zukunftsforum.dgrv.coop\/de\/wp-json\/wp\/v2\/pages\/19\/revisions\/20"}],"wp:attachment":[{"href":"https:\/\/zukunftsforum.dgrv.coop\/de\/wp-json\/wp\/v2\/media?parent=19"}],"curies":[{"name":"wp","href":"https:\/\/api.w.org\/{rel}","templated":true}]}}